{"id":1633,"date":"2025-08-22T13:34:14","date_gmt":"2025-08-22T11:34:14","guid":{"rendered":"https:\/\/eid-nein-danke.ch\/?page_id=1633"},"modified":"2025-08-28T10:08:48","modified_gmt":"2025-08-28T08:08:48","slug":"spenden","status":"publish","type":"page","link":"https:\/\/eid-nein-danke.ch\/it\/spenden\/","title":{"rendered":"Donare"},"content":{"rendered":"<div data-elementor-type=\"wp-page\" data-elementor-id=\"1633\" class=\"elementor elementor-1633\">\n\t\t\t\t<div class=\"elementor-element elementor-element-a74eda4 e-flex e-con-boxed e-con e-parent\" data-id=\"a74eda4\" data-element_type=\"container\">\n\t\t\t\t\t<div class=\"e-con-inner\">\n\t\t\t\t<div class=\"elementor-element elementor-element-cb1883e elementor-widget elementor-widget-heading\" data-id=\"cb1883e\" data-element_type=\"widget\" data-widget_type=\"heading.default\">\n\t\t\t\t<div class=\"elementor-widget-container\">\n\t\t\t\t\t<h2 class=\"elementor-heading-title elementor-size-default\">Donazioni \u2013 NO alla Legge sull\u2019Id\u2011e!<\/h2>\t\t\t\t<\/div>\n\t\t\t\t<\/div>\n\t\t\t\t<div class=\"elementor-element elementor-element-0730fad elementor-widget elementor-widget-text-editor\" data-id=\"0730fad\" data-element_type=\"widget\" data-widget_type=\"text-editor.default\">\n\t\t\t\t<div class=\"elementor-widget-container\">\n\t\t\t\t\t\t\t\t\t<p data-start=\"242\" data-end=\"538\">Il <strong>28 settembre 2025<\/strong> la Svizzera voter\u00e0 sulla Legge sull\u2019Id\u2011e. Questa legge apre la porta a Big Tech e all\u2019economia della sorveglianza: i dati del passaporto della popolazione potrebbero essere trattati, archiviati e utilizzati in modo improprio. La protezione dei dati, la privacy e la democrazia sono in gioco.<\/p><p data-start=\"540\" data-end=\"688\">Non vogliamo che la Svizzera diventi una nazione di sorveglianza digitale. Per questo \u00e8 necessario condurre una campagna forte \u2013 visibile, chiara e attiva.<\/p>\t\t\t\t\t\t\t\t<\/div>\n\t\t\t\t<\/div>\n\t\t\t\t<div class=\"elementor-element elementor-element-9fa2c47 elementor-widget elementor-widget-text-editor\" data-id=\"9fa2c47\" data-element_type=\"widget\" data-widget_type=\"text-editor.default\">\n\t\t\t\t<div class=\"elementor-widget-container\">\n\t\t\t\t\t\t\t\t\t<h4>La tua donazione fa la differenza:<\/h4><ul data-start=\"732\" data-end=\"1009\"><li data-start=\"732\" data-end=\"808\"><p data-start=\"734\" data-end=\"808\"><strong data-start=\"734\" data-end=\"755\">Manifesti e volantini<\/strong>per sensibilizzare sui rischi dell\u2019Id\u2011e<\/p><\/li><li data-start=\"809\" data-end=\"895\"><p data-start=\"811\" data-end=\"895\"><strong data-start=\"811\" data-end=\"847\">Social media ed eventi<\/strong>per essere presenti online e sul territorio<\/p><\/li><li data-start=\"896\" data-end=\"1009\"><p data-start=\"898\" data-end=\"1009\"><strong data-start=\"898\" data-end=\"924\">Informazione indipendente<\/strong>affinch\u00e9 la popolazione possa prendere una decisione consapevole il 28 settembre<\/p><\/li><\/ul><p data-start=\"1011\" data-end=\"1122\">Ogni contributo \u2013 piccolo o grande \u2013 ci avvicina al nostro obiettivo: <strong data-start=\"1080\" data-end=\"1120\">un NO chiaro alla Legge sull\u2019Id\u2011e!<\/strong><\/p><p data-start=\"1124\" data-end=\"1260\">Aiutaci a proteggere la democrazia e la nostra privacy. Insieme garantiamo che la Svizzera rimanga libera!<\/p>\t\t\t\t\t\t\t\t<\/div>\n\t\t\t\t<\/div>\n\t\t\t\t<div class=\"elementor-element elementor-element-6a100b6 elementor-widget elementor-widget-html\" data-id=\"6a100b6\" data-element_type=\"widget\" data-widget_type=\"html.default\">\n\t\t\t\t<div class=\"elementor-widget-container\">\n\t\t\t\t\t<a class=\"btn-payrexx btn-payrexx-modal\" href=\"https:\/\/verfassungsfreunde.payrexx.com\/de\/pay?cid=5425ce4f&hide_description=1\">\n<span>Dona ora<\/span>\n<\/a>\n<script src=\"https:\/\/cdnjs.cloudflare.com\/ajax\/libs\/jquery\/3.5.1\/jquery.min.js\" integrity=\"sha512-bLT0Qm9VnAYZDflyKcBaQ2gg0hSYNQrJ8RilYldYQ1FxQYoCLtUjuuRuZo+fjqhx\/qtq\/1itJ0C2ejDxltZVFg==\" crossorigin=\"anonymous\"><\/script>\n<script type=\"text\/javascript\" src=\"https:\/\/media.payrexx.com\/modal\/v1\/modal.min.js\"><\/script>\n<script type=\"text\/javascript\">\n    jQuery(\".btn-payrexx-modal\").payrexxModal();\n<\/script>\n<style type=\"text\/css\">\n.btn-payrexx {\n\tdisplay: inline-block;\n\twidth: auto;\n\tpadding: 6px 20px 6px 20px;\n\tfont-size: 24px;\n\tfont-weight: 300;\n\twhite-space: inherit;\n\tbackground-color: #ff0101;\n\tborder: 0;\n\toutline: 0;\n\ttext-decoration: none;\n\tcolor: #ffffff;\n\tborder-radius: 3px;\n\t-webkit-transition: background-color 300ms ease-out;\n\t-moz-transition: background-color 300ms ease-out;\n\t-o-transition: background-color 300ms ease-out;\n\ttransition: background-color 300ms ease-out;\n}\n.btn-payrexx:focus, .btn-payrexx:hover {\n\tbackground-color: #19b8f2;\n\tcolor: #ffffff;\n}\n<\/style>\t\t\t\t<\/div>\n\t\t\t\t<\/div>\n\t\t\t\t<div class=\"elementor-element elementor-element-5a1d165 elementor-widget elementor-widget-html\" data-id=\"5a1d165\" data-element_type=\"widget\" data-widget_type=\"html.default\">\n\t\t\t\t<div class=\"elementor-widget-container\">\n\t\t\t\t\t<style>\n\/* ===== DESKTOP (ab 901 px) ===== *\/\n.progress-container {\n  background: #eee;\n  border-radius: 20px;\n  max-width: 1300px;\n  width: 100%;\n  height: 50px;\n  margin: 30px auto 60px;\n  position: relative;\n  overflow: hidden;\n}\n.progress-bar {\n  background: #e30613;\n  height: 100%;\n  border-radius: 20px;\n  width: 0;\n  position: relative;\n  overflow: hidden;\n  animation: fillBar 2s forwards ease-in-out;\n}\n@keyframes fillBar {\n  from { width: 0; }\n  to { width: var(--progress-width); }\n}\n\n\/* Glanzeffekt & Amount *\/\n.progress-bar .progress-amount {\n  position: absolute;\n  right: 10px;\n  top: 50%;\n  transform: translateY(-50%);\n  font: bold 18px Arial, sans-serif;\n  color: #fff;\n  white-space: nowrap;\n  z-index: 2;\n}\n\n.progress-bar::before {\n  content: \"\";\n  position: absolute;\n  top: 0; left: -75%;\n  width: 50%; height: 100%;\n  background: linear-gradient(120deg,transparent 0%,rgba(255,255,255,.6) 50%,transparent 100%);\n  transform: skewX(-25deg);\n  animation: shine 2.5s forwards ease-in-out;\n  animation-delay: 2s;\n  z-index: 3;\n}\n@keyframes shine { 0% { left: -75%; } 100% { left: 125%; } }\n\n\/* ===== SMARTPHONE + TABLET (bis 900 px) ===== *\/\n@media(max-width:900px){\n  .progress-bar .progress-amount {\n    font-size: 14px;\n    right: 8px;\n  }\n  .progress-container {\n    height: 40px;\n    margin-bottom: 40px;\n  }\n}\n<\/style>\n\n<div class=\"progress-container\">\n  <div class=\"progress-bar\">\n    <div class=\"progress-amount\"><\/div>\n  <\/div>\n<\/div>\n\n<script>\n\/* -------- Daten laden -------- *\/\nlet result = null;\ntry {\n  var xmlhttp = new XMLHttpRequest();\n  xmlhttp.open(\"GET\", \"https:\/\/eid-nein-danke.ch\/webhook\/amount.txt\", false);\n  xmlhttp.send();\n  if (xmlhttp.status==200 && xmlhttp.responseText.trim() !== \"\") {\n    result = xmlhttp.responseText.trim();\n  }\n} catch(e) {\n  console.warn(\"Konnte amount.txt nicht laden, nehme Testwert.\");\n}\n\n\/* -------- Spendenstand anpassen -------- *\/\nconst currentAmount = result;  \/\/ Hier aktuellen Betrag anpassen\nconst maxAmount     = 100000;\n\n\/* -------- Prozentsatz berechnen -------- *\/\nlet percent = (currentAmount \/ maxAmount) * 100;\n\/* Mindestbreite Desktop 7 %, Mobil\/Tablet 15 % *\/\nconst isMobile = window.matchMedia(\"(max-width:900px)\").matches;\nif (isMobile) {\n  if (percent < 15) percent = 15;\n} else {\n  if (percent < 7) percent = 7;\n}\n\n\/* -------- Balken & Betrag setzen -------- *\/\nconst bar     = document.querySelector('.progress-bar');\nconst amount  = bar.querySelector('.progress-amount');\nbar.style.setProperty('--progress-width', percent + '%');\nbar.style.width = percent + '%';\n\nif (isMobile) {\n  amount.textContent = currentAmount.toLocaleString('de-CH') + '.-';\n} else {\n  amount.textContent = 'CHF ' + currentAmount.toLocaleString('de-CH');\n}\n<\/script>\n\t\t\t\t<\/div>\n\t\t\t\t<\/div>\n\t\t\t\t<div class=\"elementor-element elementor-element-c837630 elementor-widget-divider--view-line elementor-widget elementor-widget-divider\" data-id=\"c837630\" data-element_type=\"widget\" data-widget_type=\"divider.default\">\n\t\t\t\t<div class=\"elementor-widget-container\">\n\t\t\t\t\t\t\t<div class=\"elementor-divider\">\n\t\t\t<span class=\"elementor-divider-separator\">\n\t\t\t\t\t\t<\/span>\n\t\t<\/div>\n\t\t\t\t\t\t<\/div>\n\t\t\t\t<\/div>\n\t\t\t\t\t<\/div>\n\t\t\t\t<\/div>\n\t\t<div class=\"elementor-element elementor-element-75a8fa6 e-flex e-con-boxed e-con e-parent\" data-id=\"75a8fa6\" data-element_type=\"container\">\n\t\t\t\t\t<div class=\"e-con-inner\">\n\t\t<div class=\"elementor-element elementor-element-f245dd9 e-con-full e-flex e-con e-child\" data-id=\"f245dd9\" data-element_type=\"container\">\n\t\t\t\t<div class=\"elementor-element elementor-element-3840440 elementor-widget elementor-widget-text-editor\" data-id=\"3840440\" data-element_type=\"widget\" data-widget_type=\"text-editor.default\">\n\t\t\t\t<div class=\"elementor-widget-container\">\n\t\t\t\t\t\t\t\t\t<p data-start=\"1255\" data-end=\"1284\"><strong>Donazioni tramite bonifico bancario<\/strong><\/p><p data-start=\"1286\" data-end=\"1412\">La tua donazione, benvenuta, pu\u00f2 essere versata direttamente sul nostro conto (con la causale <strong data-start=\"1389\" data-end=\"1408\">\u201eKampagne E-ID\u201c<\/strong>):<\/p><p data-start=\"1414\" data-end=\"1454\"><strong data-start=\"1414\" data-end=\"1440\">Amici della Costituzione<\/strong><br data-start=\"1440\" data-end=\"1443\" \/>3000 Bern<\/p><p data-start=\"1456\" data-end=\"1536\"><strong data-start=\"1456\" data-end=\"1476\">PostFinance Bern<\/strong><br data-start=\"1476\" data-end=\"1479\" \/>BIC: POFICHBEXXX<br data-start=\"1495\" data-end=\"1498\" \/>IBAN: <strong data-start=\"1504\" data-end=\"1534\">CH27 0900 0000 1553 2003 7<\/strong><\/p>\t\t\t\t\t\t\t\t<\/div>\n\t\t\t\t<\/div>\n\t\t\t\t<\/div>\n\t\t<div class=\"elementor-element elementor-element-335db28 e-con-full e-transform e-flex e-con e-child\" data-id=\"335db28\" data-element_type=\"container\" data-settings=\"{&quot;_transform_scale_effect_hover&quot;:{&quot;unit&quot;:&quot;px&quot;,&quot;size&quot;:1.05,&quot;sizes&quot;:[]},&quot;_transform_scale_effect_hover_tablet&quot;:{&quot;unit&quot;:&quot;px&quot;,&quot;size&quot;:&quot;&quot;,&quot;sizes&quot;:[]},&quot;_transform_scale_effect_hover_mobile&quot;:{&quot;unit&quot;:&quot;px&quot;,&quot;size&quot;:&quot;&quot;,&quot;sizes&quot;:[]}}\">\n\t\t\t\t<div class=\"elementor-element elementor-element-6d5fa68 elementor-widget elementor-widget-image\" data-id=\"6d5fa68\" data-element_type=\"widget\" data-widget_type=\"image.default\">\n\t\t\t\t<div class=\"elementor-widget-container\">\n\t\t\t\t\t\t\t\t\t\t\t\t\t\t\t\t<a href=\"https:\/\/eid-nein-danke.ch\/wp-content\/uploads\/2025\/08\/EZ-QR-Verein_Kampagne_E-ID.pdf\" target=\"_blank\">\n\t\t\t\t\t\t\t<img fetchpriority=\"high\" decoding=\"async\" width=\"1024\" height=\"521\" src=\"https:\/\/eid-nein-danke.ch\/wp-content\/uploads\/2025\/08\/EZ_Bild-1024x521.png\" class=\"attachment-large size-large wp-image-1669\" alt=\"\" srcset=\"https:\/\/eid-nein-danke.ch\/wp-content\/uploads\/2025\/08\/EZ_Bild-1024x521.png 1024w, https:\/\/eid-nein-danke.ch\/wp-content\/uploads\/2025\/08\/EZ_Bild-300x153.png 300w, https:\/\/eid-nein-danke.ch\/wp-content\/uploads\/2025\/08\/EZ_Bild-768x391.png 768w, https:\/\/eid-nein-danke.ch\/wp-content\/uploads\/2025\/08\/EZ_Bild-1536x782.png 1536w, https:\/\/eid-nein-danke.ch\/wp-content\/uploads\/2025\/08\/EZ_Bild-18x9.png 18w, https:\/\/eid-nein-danke.ch\/wp-content\/uploads\/2025\/08\/EZ_Bild.png 1601w\" sizes=\"(max-width: 1024px) 100vw, 1024px\" \/>\t\t\t\t\t\t\t\t<\/a>\n\t\t\t\t\t\t\t\t\t\t\t\t\t\t\t<\/div>\n\t\t\t\t<\/div>\n\t\t\t\t<\/div>\n\t\t\t\t\t<\/div>\n\t\t\t\t<\/div>\n\t\t\t\t<\/div>","protected":false},"excerpt":{"rendered":"<p>Spenden \u2013 NEIN zum E-ID-Gesetz! Am 28. September 2025 stimmt die Schweiz \u00fcber das E-ID-Gesetz ab. Dieses Gesetz \u00f6ffnet Big Tech und der \u00dcberwachungs\u00f6konomie T\u00fcr und Tor: Passdaten der Bev\u00f6lkerung k\u00f6nnten massenhaft verarbeitet, gespeichert und missbraucht werden. Datenschutz, Privatsph\u00e4re und Demokratie stehen auf dem Spiel. Wir wollen nicht, dass die Schweiz zur digitalen \u00dcberwachungsnation wird. [&hellip;]<\/p>","protected":false},"author":2,"featured_media":497,"parent":0,"menu_order":0,"comment_status":"closed","ping_status":"closed","template":"","meta":{"footnotes":""},"class_list":["post-1633","page","type-page","status-publish","has-post-thumbnail","hentry"],"blocksy_meta":[],"yoast_head":"<!-- This site is optimized with the Yoast SEO plugin v24.6 - https:\/\/yoast.com\/wordpress\/plugins\/seo\/ -->\n<title>Spenden - E-ID - Nein Danke!<\/title>\n<meta name=\"robots\" content=\"index, follow, max-snippet:-1, max-image-preview:large, max-video-preview:-1\" \/>\n<link rel=\"canonical\" href=\"https:\/\/eid-nein-danke.ch\/it\/spenden\/\" \/>\n<meta property=\"og:locale\" content=\"it_IT\" \/>\n<meta property=\"og:type\" content=\"article\" \/>\n<meta property=\"og:title\" content=\"Spenden - E-ID - Nein Danke!\" \/>\n<meta property=\"og:description\" content=\"Spenden \u2013 NEIN zum E-ID-Gesetz! Am 28. September 2025 stimmt die Schweiz \u00fcber das E-ID-Gesetz ab. Dieses Gesetz \u00f6ffnet Big Tech und der \u00dcberwachungs\u00f6konomie T\u00fcr und Tor: Passdaten der Bev\u00f6lkerung k\u00f6nnten massenhaft verarbeitet, gespeichert und missbraucht werden. Datenschutz, Privatsph\u00e4re und Demokratie stehen auf dem Spiel. Wir wollen nicht, dass die Schweiz zur digitalen \u00dcberwachungsnation wird. [&hellip;]\" \/>\n<meta property=\"og:url\" content=\"https:\/\/eid-nein-danke.ch\/it\/spenden\/\" \/>\n<meta property=\"og:site_name\" content=\"E-ID - Nein Danke!\" \/>\n<meta property=\"article:publisher\" content=\"https:\/\/www.facebook.com\/verfassungsfreunde.ch\" \/>\n<meta property=\"article:modified_time\" content=\"2025-08-28T08:08:48+00:00\" \/>\n<meta property=\"og:image\" content=\"https:\/\/eid-nein-danke.ch\/wp-content\/uploads\/2025\/01\/signal-2025-01-09-120149_002_Handy.png\" \/>\n\t<meta property=\"og:image:width\" content=\"1627\" \/>\n\t<meta property=\"og:image:height\" content=\"1024\" \/>\n\t<meta property=\"og:image:type\" content=\"image\/png\" \/>\n<meta name=\"twitter:card\" content=\"summary_large_image\" \/>\n<meta name=\"twitter:site\" content=\"@FdVerfassung\" \/>\n<meta name=\"twitter:label1\" content=\"Tempo di lettura stimato\" \/>\n\t<meta name=\"twitter:data1\" content=\"2 minuti\" \/>\n<script type=\"application\/ld+json\" class=\"yoast-schema-graph\">{\"@context\":\"https:\/\/schema.org\",\"@graph\":[{\"@type\":\"WebPage\",\"@id\":\"https:\/\/eid-nein-danke.ch\/spenden\/\",\"url\":\"https:\/\/eid-nein-danke.ch\/spenden\/\",\"name\":\"Spenden - E-ID - Nein Danke!\",\"isPartOf\":{\"@id\":\"https:\/\/eid-nein-danke.ch\/#website\"},\"primaryImageOfPage\":{\"@id\":\"https:\/\/eid-nein-danke.ch\/spenden\/#primaryimage\"},\"image\":{\"@id\":\"https:\/\/eid-nein-danke.ch\/spenden\/#primaryimage\"},\"thumbnailUrl\":\"https:\/\/eid-nein-danke.ch\/wp-content\/uploads\/2025\/01\/signal-2025-01-09-120149_002_Handy.png\",\"datePublished\":\"2025-08-22T11:34:14+00:00\",\"dateModified\":\"2025-08-28T08:08:48+00:00\",\"breadcrumb\":{\"@id\":\"https:\/\/eid-nein-danke.ch\/spenden\/#breadcrumb\"},\"inLanguage\":\"it-IT\",\"potentialAction\":[{\"@type\":\"ReadAction\",\"target\":[\"https:\/\/eid-nein-danke.ch\/spenden\/\"]}]},{\"@type\":\"ImageObject\",\"inLanguage\":\"it-IT\",\"@id\":\"https:\/\/eid-nein-danke.ch\/spenden\/#primaryimage\",\"url\":\"https:\/\/eid-nein-danke.ch\/wp-content\/uploads\/2025\/01\/signal-2025-01-09-120149_002_Handy.png\",\"contentUrl\":\"https:\/\/eid-nein-danke.ch\/wp-content\/uploads\/2025\/01\/signal-2025-01-09-120149_002_Handy.png\",\"width\":1627,\"height\":1024},{\"@type\":\"BreadcrumbList\",\"@id\":\"https:\/\/eid-nein-danke.ch\/spenden\/#breadcrumb\",\"itemListElement\":[{\"@type\":\"ListItem\",\"position\":1,\"name\":\"Startseite\",\"item\":\"https:\/\/eid-nein-danke.ch\/\"},{\"@type\":\"ListItem\",\"position\":2,\"name\":\"Spenden\"}]},{\"@type\":\"WebSite\",\"@id\":\"https:\/\/eid-nein-danke.ch\/#website\",\"url\":\"https:\/\/eid-nein-danke.ch\/\",\"name\":\"E-ID - Nein Danke!\",\"description\":\"NEIN zum E-ID-Gesetz\",\"publisher\":{\"@id\":\"https:\/\/eid-nein-danke.ch\/#organization\"},\"alternateName\":\"E-ID-Gesetz - NEIN\",\"potentialAction\":[{\"@type\":\"SearchAction\",\"target\":{\"@type\":\"EntryPoint\",\"urlTemplate\":\"https:\/\/eid-nein-danke.ch\/?s={search_term_string}\"},\"query-input\":{\"@type\":\"PropertyValueSpecification\",\"valueRequired\":true,\"valueName\":\"search_term_string\"}}],\"inLanguage\":\"it-IT\"},{\"@type\":\"Organization\",\"@id\":\"https:\/\/eid-nein-danke.ch\/#organization\",\"name\":\"Freunde der Verfassung\",\"alternateName\":\"NEIN zum E-ID-Gesetz\",\"url\":\"https:\/\/eid-nein-danke.ch\/\",\"logo\":{\"@type\":\"ImageObject\",\"inLanguage\":\"it-IT\",\"@id\":\"https:\/\/eid-nein-danke.ch\/#\/schema\/logo\/image\/\",\"url\":\"https:\/\/eid-nein-danke.ch\/wp-content\/uploads\/2025\/01\/EID_NEIN_zum_EID_Gesetz.png\",\"contentUrl\":\"https:\/\/eid-nein-danke.ch\/wp-content\/uploads\/2025\/01\/EID_NEIN_zum_EID_Gesetz.png\",\"width\":500,\"height\":179,\"caption\":\"Freunde der Verfassung\"},\"image\":{\"@id\":\"https:\/\/eid-nein-danke.ch\/#\/schema\/logo\/image\/\"},\"sameAs\":[\"https:\/\/www.facebook.com\/verfassungsfreunde.ch\",\"https:\/\/x.com\/FdVerfassung\",\"https:\/\/www.youtube.com\/channel\/UCVwxSHM1U5XtYzk_LgRLCbw\"]}]}<\/script>\n<!-- \/ Yoast SEO plugin. -->","yoast_head_json":{"title":"Spenden - E-ID - Nein Danke!","robots":{"index":"index","follow":"follow","max-snippet":"max-snippet:-1","max-image-preview":"max-image-preview:large","max-video-preview":"max-video-preview:-1"},"canonical":"https:\/\/eid-nein-danke.ch\/it\/spenden\/","og_locale":"it_IT","og_type":"article","og_title":"Spenden - E-ID - Nein Danke!","og_description":"Spenden \u2013 NEIN zum E-ID-Gesetz! Am 28. September 2025 stimmt die Schweiz \u00fcber das E-ID-Gesetz ab. Dieses Gesetz \u00f6ffnet Big Tech und der \u00dcberwachungs\u00f6konomie T\u00fcr und Tor: Passdaten der Bev\u00f6lkerung k\u00f6nnten massenhaft verarbeitet, gespeichert und missbraucht werden. Datenschutz, Privatsph\u00e4re und Demokratie stehen auf dem Spiel. Wir wollen nicht, dass die Schweiz zur digitalen \u00dcberwachungsnation wird. [&hellip;]","og_url":"https:\/\/eid-nein-danke.ch\/it\/spenden\/","og_site_name":"E-ID - Nein Danke!","article_publisher":"https:\/\/www.facebook.com\/verfassungsfreunde.ch","article_modified_time":"2025-08-28T08:08:48+00:00","og_image":[{"width":1627,"height":1024,"url":"https:\/\/eid-nein-danke.ch\/wp-content\/uploads\/2025\/01\/signal-2025-01-09-120149_002_Handy.png","type":"image\/png"}],"twitter_card":"summary_large_image","twitter_site":"@FdVerfassung","twitter_misc":{"Tempo di lettura stimato":"2 minuti"},"schema":{"@context":"https:\/\/schema.org","@graph":[{"@type":"WebPage","@id":"https:\/\/eid-nein-danke.ch\/spenden\/","url":"https:\/\/eid-nein-danke.ch\/spenden\/","name":"Spenden - E-ID - Nein Danke!","isPartOf":{"@id":"https:\/\/eid-nein-danke.ch\/#website"},"primaryImageOfPage":{"@id":"https:\/\/eid-nein-danke.ch\/spenden\/#primaryimage"},"image":{"@id":"https:\/\/eid-nein-danke.ch\/spenden\/#primaryimage"},"thumbnailUrl":"https:\/\/eid-nein-danke.ch\/wp-content\/uploads\/2025\/01\/signal-2025-01-09-120149_002_Handy.png","datePublished":"2025-08-22T11:34:14+00:00","dateModified":"2025-08-28T08:08:48+00:00","breadcrumb":{"@id":"https:\/\/eid-nein-danke.ch\/spenden\/#breadcrumb"},"inLanguage":"it-IT","potentialAction":[{"@type":"ReadAction","target":["https:\/\/eid-nein-danke.ch\/spenden\/"]}]},{"@type":"ImageObject","inLanguage":"it-IT","@id":"https:\/\/eid-nein-danke.ch\/spenden\/#primaryimage","url":"https:\/\/eid-nein-danke.ch\/wp-content\/uploads\/2025\/01\/signal-2025-01-09-120149_002_Handy.png","contentUrl":"https:\/\/eid-nein-danke.ch\/wp-content\/uploads\/2025\/01\/signal-2025-01-09-120149_002_Handy.png","width":1627,"height":1024},{"@type":"BreadcrumbList","@id":"https:\/\/eid-nein-danke.ch\/spenden\/#breadcrumb","itemListElement":[{"@type":"ListItem","position":1,"name":"Startseite","item":"https:\/\/eid-nein-danke.ch\/"},{"@type":"ListItem","position":2,"name":"Spenden"}]},{"@type":"WebSite","@id":"https:\/\/eid-nein-danke.ch\/#website","url":"https:\/\/eid-nein-danke.ch\/","name":"E-ID - Nein Danke!","description":"NEIN zum E-ID-Gesetz","publisher":{"@id":"https:\/\/eid-nein-danke.ch\/#organization"},"alternateName":"E-ID-Gesetz - NEIN","potentialAction":[{"@type":"SearchAction","target":{"@type":"EntryPoint","urlTemplate":"https:\/\/eid-nein-danke.ch\/?s={search_term_string}"},"query-input":{"@type":"PropertyValueSpecification","valueRequired":true,"valueName":"search_term_string"}}],"inLanguage":"it-IT"},{"@type":"Organization","@id":"https:\/\/eid-nein-danke.ch\/#organization","name":"Freunde der Verfassung","alternateName":"NEIN zum E-ID-Gesetz","url":"https:\/\/eid-nein-danke.ch\/","logo":{"@type":"ImageObject","inLanguage":"it-IT","@id":"https:\/\/eid-nein-danke.ch\/#\/schema\/logo\/image\/","url":"https:\/\/eid-nein-danke.ch\/wp-content\/uploads\/2025\/01\/EID_NEIN_zum_EID_Gesetz.png","contentUrl":"https:\/\/eid-nein-danke.ch\/wp-content\/uploads\/2025\/01\/EID_NEIN_zum_EID_Gesetz.png","width":500,"height":179,"caption":"Freunde der Verfassung"},"image":{"@id":"https:\/\/eid-nein-danke.ch\/#\/schema\/logo\/image\/"},"sameAs":["https:\/\/www.facebook.com\/verfassungsfreunde.ch","https:\/\/x.com\/FdVerfassung","https:\/\/www.youtube.com\/channel\/UCVwxSHM1U5XtYzk_LgRLCbw"]}]}},"_links":{"self":[{"href":"https:\/\/eid-nein-danke.ch\/it\/wp-json\/wp\/v2\/pages\/1633","targetHints":{"allow":["GET"]}}],"collection":[{"href":"https:\/\/eid-nein-danke.ch\/it\/wp-json\/wp\/v2\/pages"}],"about":[{"href":"https:\/\/eid-nein-danke.ch\/it\/wp-json\/wp\/v2\/types\/page"}],"author":[{"embeddable":true,"href":"https:\/\/eid-nein-danke.ch\/it\/wp-json\/wp\/v2\/users\/2"}],"replies":[{"embeddable":true,"href":"https:\/\/eid-nein-danke.ch\/it\/wp-json\/wp\/v2\/comments?post=1633"}],"version-history":[{"count":70,"href":"https:\/\/eid-nein-danke.ch\/it\/wp-json\/wp\/v2\/pages\/1633\/revisions"}],"predecessor-version":[{"id":1740,"href":"https:\/\/eid-nein-danke.ch\/it\/wp-json\/wp\/v2\/pages\/1633\/revisions\/1740"}],"wp:featuredmedia":[{"embeddable":true,"href":"https:\/\/eid-nein-danke.ch\/it\/wp-json\/wp\/v2\/media\/497"}],"wp:attachment":[{"href":"https:\/\/eid-nein-danke.ch\/it\/wp-json\/wp\/v2\/media?parent=1633"}],"curies":[{"name":"wp","href":"https:\/\/api.w.org\/{rel}","templated":true}]}}