{"id":14,"date":"2025-01-09T11:00:40","date_gmt":"2025-01-09T10:00:40","guid":{"rendered":"https:\/\/eid-nein-danke.ch\/?page_id=14"},"modified":"2025-07-15T13:09:59","modified_gmt":"2025-07-15T11:09:59","slug":"komitee","status":"publish","type":"page","link":"https:\/\/eid-nein-danke.ch\/fr\/komitee\/","title":{"rendered":"Comit\u00e9"},"content":{"rendered":"<div data-elementor-type=\"wp-page\" data-elementor-id=\"14\" class=\"elementor elementor-14\">\n\t\t\t\t<div class=\"elementor-element elementor-element-bfb6b3d e-flex e-con-boxed e-con e-parent\" data-id=\"bfb6b3d\" data-element_type=\"container\">\n\t\t\t\t\t<div class=\"e-con-inner\">\n\t\t\t\t<div class=\"elementor-element elementor-element-e64eda8 elementor-widget elementor-widget-heading\" data-id=\"e64eda8\" data-element_type=\"widget\" data-widget_type=\"heading.default\">\n\t\t\t\t<div class=\"elementor-widget-container\">\n\t\t\t\t\t<h2 class=\"elementor-heading-title elementor-size-default\">Comit\u00e9<\/h2>\t\t\t\t<\/div>\n\t\t\t\t<\/div>\n\t\t\t\t\t<\/div>\n\t\t\t\t<\/div>\n\t\t<div class=\"elementor-element elementor-element-ea81761 e-flex e-con-boxed e-con e-parent\" data-id=\"ea81761\" data-element_type=\"container\">\n\t\t\t\t\t<div class=\"e-con-inner\">\n\t\t<div class=\"elementor-element elementor-element-6ac9932 e-con-full e-flex e-con e-child\" data-id=\"6ac9932\" data-element_type=\"container\">\n\t\t\t\t<div class=\"elementor-element elementor-element-7716c7c elementor-widget elementor-widget-image\" data-id=\"7716c7c\" data-element_type=\"widget\" data-widget_type=\"image.default\">\n\t\t\t\t<div class=\"elementor-widget-container\">\n\t\t\t\t\t\t\t\t\t\t\t\t\t\t\t<img fetchpriority=\"high\" decoding=\"async\" width=\"500\" height=\"500\" src=\"https:\/\/eid-nein-danke.ch\/wp-content\/uploads\/2025\/01\/Roland_Buehlmann.jpg\" class=\"attachment-large size-large wp-image-422\" alt=\"\" srcset=\"https:\/\/eid-nein-danke.ch\/wp-content\/uploads\/2025\/01\/Roland_Buehlmann.jpg 500w, https:\/\/eid-nein-danke.ch\/wp-content\/uploads\/2025\/01\/Roland_Buehlmann-300x300.jpg 300w, https:\/\/eid-nein-danke.ch\/wp-content\/uploads\/2025\/01\/Roland_Buehlmann-150x150.jpg 150w, https:\/\/eid-nein-danke.ch\/wp-content\/uploads\/2025\/01\/Roland_Buehlmann-12x12.jpg 12w\" sizes=\"(max-width: 500px) 100vw, 500px\" \/>\t\t\t\t\t\t\t\t\t\t\t\t\t\t\t<\/div>\n\t\t\t\t<\/div>\n\t\t\t\t<div class=\"elementor-element elementor-element-ea2da60 elementor-widget elementor-widget-text-editor\" data-id=\"ea2da60\" data-element_type=\"widget\" data-widget_type=\"text-editor.default\">\n\t\t\t\t<div class=\"elementor-widget-container\">\n\t\t\t\t\t\t\t\t\t<h4>Dr. Roland B\u00fchlmann<\/h4><p>Pr\u00e9sident <br \/>Amis de la Constitution<\/p>\t\t\t\t\t\t\t\t<\/div>\n\t\t\t\t<\/div>\n\t\t\t\t<\/div>\n\t\t<div class=\"elementor-element elementor-element-4509e56 e-con-full e-flex e-con e-child\" data-id=\"4509e56\" data-element_type=\"container\">\n\t\t\t\t<div class=\"elementor-element elementor-element-4fc0dd0 elementor-widget elementor-widget-image\" data-id=\"4fc0dd0\" data-element_type=\"widget\" data-widget_type=\"image.default\">\n\t\t\t\t<div class=\"elementor-widget-container\">\n\t\t\t\t\t\t\t\t\t\t\t\t\t\t\t<img decoding=\"async\" width=\"472\" height=\"472\" src=\"https:\/\/eid-nein-danke.ch\/wp-content\/uploads\/2025\/01\/Remko.webp\" class=\"attachment-large size-large wp-image-427\" alt=\"\" srcset=\"https:\/\/eid-nein-danke.ch\/wp-content\/uploads\/2025\/01\/Remko.webp 472w, https:\/\/eid-nein-danke.ch\/wp-content\/uploads\/2025\/01\/Remko-300x300.webp 300w, https:\/\/eid-nein-danke.ch\/wp-content\/uploads\/2025\/01\/Remko-150x150.webp 150w, https:\/\/eid-nein-danke.ch\/wp-content\/uploads\/2025\/01\/Remko-12x12.webp 12w\" sizes=\"(max-width: 472px) 100vw, 472px\" \/>\t\t\t\t\t\t\t\t\t\t\t\t\t\t\t<\/div>\n\t\t\t\t<\/div>\n\t\t\t\t<div class=\"elementor-element elementor-element-019c80b elementor-widget elementor-widget-text-editor\" data-id=\"019c80b\" data-element_type=\"widget\" data-widget_type=\"text-editor.default\">\n\t\t\t\t<div class=\"elementor-widget-container\">\n\t\t\t\t\t\t\t\t\t<h4 class=\"image-title\">Remko Leimbach<\/h4><p>Pr\u00e9sident <br \/>Aufrecht Schweiz<\/p>\t\t\t\t\t\t\t\t<\/div>\n\t\t\t\t<\/div>\n\t\t\t\t<\/div>\n\t\t<div class=\"elementor-element elementor-element-6e51be8 e-con-full e-flex e-con e-child\" data-id=\"6e51be8\" data-element_type=\"container\">\n\t\t\t\t<div class=\"elementor-element elementor-element-2bf7778 elementor-widget elementor-widget-image\" data-id=\"2bf7778\" data-element_type=\"widget\" data-widget_type=\"image.default\">\n\t\t\t\t<div class=\"elementor-widget-container\">\n\t\t\t\t\t\t\t\t\t\t\t\t\t\t\t<img decoding=\"async\" width=\"405\" height=\"405\" src=\"https:\/\/eid-nein-danke.ch\/wp-content\/uploads\/2025\/01\/tomas-boerlin_405_405.jpg\" class=\"attachment-large size-large wp-image-883\" alt=\"\" srcset=\"https:\/\/eid-nein-danke.ch\/wp-content\/uploads\/2025\/01\/tomas-boerlin_405_405.jpg 405w, https:\/\/eid-nein-danke.ch\/wp-content\/uploads\/2025\/01\/tomas-boerlin_405_405-300x300.jpg 300w, https:\/\/eid-nein-danke.ch\/wp-content\/uploads\/2025\/01\/tomas-boerlin_405_405-150x150.jpg 150w, https:\/\/eid-nein-danke.ch\/wp-content\/uploads\/2025\/01\/tomas-boerlin_405_405-12x12.jpg 12w\" sizes=\"(max-width: 405px) 100vw, 405px\" \/>\t\t\t\t\t\t\t\t\t\t\t\t\t\t\t<\/div>\n\t\t\t\t<\/div>\n\t\t\t\t<div class=\"elementor-element elementor-element-9e63ebe elementor-widget elementor-widget-text-editor\" data-id=\"9e63ebe\" data-element_type=\"widget\" data-widget_type=\"text-editor.default\">\n\t\t\t\t<div class=\"elementor-widget-container\">\n\t\t\t\t\t\t\t\t\t<h4 class=\"image-title\">Thomas B\u00f6rlin<\/h4><p>Pr\u00e9sident <br \/>Verfassungsb\u00fcndnis Schweiz<\/p>\t\t\t\t\t\t\t\t<\/div>\n\t\t\t\t<\/div>\n\t\t\t\t<\/div>\n\t\t<div class=\"elementor-element elementor-element-570aeec e-con-full e-flex e-con e-child\" data-id=\"570aeec\" data-element_type=\"container\">\n\t\t\t\t<\/div>\n\t\t\t\t\t<\/div>\n\t\t\t\t<\/div>\n\t\t<div class=\"elementor-element elementor-element-fcc0bb3 e-flex e-con-boxed e-con e-parent\" data-id=\"fcc0bb3\" data-element_type=\"container\">\n\t\t\t\t\t<div class=\"e-con-inner\">\n\t\t<div class=\"elementor-element elementor-element-1b5a2fd e-con-full e-flex e-con e-child\" data-id=\"1b5a2fd\" data-element_type=\"container\">\n\t\t\t\t<div class=\"elementor-element elementor-element-975c970 elementor-widget elementor-widget-image\" data-id=\"975c970\" data-element_type=\"widget\" data-widget_type=\"image.default\">\n\t\t\t\t<div class=\"elementor-widget-container\">\n\t\t\t\t\t\t\t\t\t\t\t\t\t\t\t<img loading=\"lazy\" decoding=\"async\" width=\"405\" height=\"405\" src=\"https:\/\/eid-nein-danke.ch\/wp-content\/uploads\/2025\/01\/Bianka_405_405.jpg\" class=\"attachment-large size-large wp-image-657\" alt=\"\" srcset=\"https:\/\/eid-nein-danke.ch\/wp-content\/uploads\/2025\/01\/Bianka_405_405.jpg 405w, https:\/\/eid-nein-danke.ch\/wp-content\/uploads\/2025\/01\/Bianka_405_405-300x300.jpg 300w, https:\/\/eid-nein-danke.ch\/wp-content\/uploads\/2025\/01\/Bianka_405_405-150x150.jpg 150w, https:\/\/eid-nein-danke.ch\/wp-content\/uploads\/2025\/01\/Bianka_405_405-12x12.jpg 12w\" sizes=\"(max-width: 405px) 100vw, 405px\" \/>\t\t\t\t\t\t\t\t\t\t\t\t\t\t\t<\/div>\n\t\t\t\t<\/div>\n\t\t\t\t<div class=\"elementor-element elementor-element-bea1571 elementor-widget elementor-widget-text-editor\" data-id=\"bea1571\" data-element_type=\"widget\" data-widget_type=\"text-editor.default\">\n\t\t\t\t<div class=\"elementor-widget-container\">\n\t\t\t\t\t\t\t\t\t<h4>Bianka Stettler<\/h4><p>Direction de campagne &amp; marketing<br \/>Amis de la Constitution<\/p>\t\t\t\t\t\t\t\t<\/div>\n\t\t\t\t<\/div>\n\t\t\t\t<\/div>\n\t\t<div class=\"elementor-element elementor-element-b73f0b3 e-con-full e-flex e-con e-child\" data-id=\"b73f0b3\" data-element_type=\"container\">\n\t\t\t\t<div class=\"elementor-element elementor-element-57c1553 elementor-widget elementor-widget-image\" data-id=\"57c1553\" data-element_type=\"widget\" data-widget_type=\"image.default\">\n\t\t\t\t<div class=\"elementor-widget-container\">\n\t\t\t\t\t\t\t\t\t\t\t\t\t\t\t<img loading=\"lazy\" decoding=\"async\" width=\"405\" height=\"405\" src=\"https:\/\/eid-nein-danke.ch\/wp-content\/uploads\/2025\/01\/Alessia_Foto-405x405-1.jpg\" class=\"attachment-large size-large wp-image-655\" alt=\"\" srcset=\"https:\/\/eid-nein-danke.ch\/wp-content\/uploads\/2025\/01\/Alessia_Foto-405x405-1.jpg 405w, https:\/\/eid-nein-danke.ch\/wp-content\/uploads\/2025\/01\/Alessia_Foto-405x405-1-300x300.jpg 300w, https:\/\/eid-nein-danke.ch\/wp-content\/uploads\/2025\/01\/Alessia_Foto-405x405-1-150x150.jpg 150w, https:\/\/eid-nein-danke.ch\/wp-content\/uploads\/2025\/01\/Alessia_Foto-405x405-1-12x12.jpg 12w\" sizes=\"(max-width: 405px) 100vw, 405px\" \/>\t\t\t\t\t\t\t\t\t\t\t\t\t\t\t<\/div>\n\t\t\t\t<\/div>\n\t\t\t\t<div class=\"elementor-element elementor-element-107055f elementor-widget elementor-widget-text-editor\" data-id=\"107055f\" data-element_type=\"widget\" data-widget_type=\"text-editor.default\">\n\t\t\t\t<div class=\"elementor-widget-container\">\n\t\t\t\t\t\t\t\t\t<h4><span style=\"font-family: inherit; font-size: inherit; font-style: inherit; font-variant-ligatures: inherit; font-variant-caps: inherit; font-weight: inherit; text-align: var(--text-align); letter-spacing: var(--theme-letter-spacing); text-transform: var(--theme-text-transform);\">Alessia Zanoni<\/span><\/h4><p>Support informatique<br \/>Amis de la Constitution<\/p><h3>\u00a0<\/h3>\t\t\t\t\t\t\t\t<\/div>\n\t\t\t\t<\/div>\n\t\t\t\t<\/div>\n\t\t<div class=\"elementor-element elementor-element-72da666 e-con-full e-flex e-con e-child\" data-id=\"72da666\" data-element_type=\"container\">\n\t\t\t\t<div class=\"elementor-element elementor-element-f47170b elementor-widget elementor-widget-image\" data-id=\"f47170b\" data-element_type=\"widget\" data-widget_type=\"image.default\">\n\t\t\t\t<div class=\"elementor-widget-container\">\n\t\t\t\t\t\t\t\t\t\t\t\t\t\t\t<img loading=\"lazy\" decoding=\"async\" width=\"405\" height=\"405\" src=\"https:\/\/eid-nein-danke.ch\/wp-content\/uploads\/2025\/01\/Chantal_signal-2023-02-23-185705-405x405-1.jpeg\" class=\"attachment-large size-large wp-image-658\" alt=\"\" srcset=\"https:\/\/eid-nein-danke.ch\/wp-content\/uploads\/2025\/01\/Chantal_signal-2023-02-23-185705-405x405-1.jpeg 405w, https:\/\/eid-nein-danke.ch\/wp-content\/uploads\/2025\/01\/Chantal_signal-2023-02-23-185705-405x405-1-300x300.jpeg 300w, https:\/\/eid-nein-danke.ch\/wp-content\/uploads\/2025\/01\/Chantal_signal-2023-02-23-185705-405x405-1-150x150.jpeg 150w, https:\/\/eid-nein-danke.ch\/wp-content\/uploads\/2025\/01\/Chantal_signal-2023-02-23-185705-405x405-1-12x12.jpeg 12w\" sizes=\"(max-width: 405px) 100vw, 405px\" \/>\t\t\t\t\t\t\t\t\t\t\t\t\t\t\t<\/div>\n\t\t\t\t<\/div>\n\t\t\t\t<div class=\"elementor-element elementor-element-f62ec85 elementor-widget elementor-widget-text-editor\" data-id=\"f62ec85\" data-element_type=\"widget\" data-widget_type=\"text-editor.default\">\n\t\t\t\t<div class=\"elementor-widget-container\">\n\t\t\t\t\t\t\t\t\t<h4><span style=\"font-family: inherit; font-size: inherit; font-style: inherit; font-variant-ligatures: inherit; font-variant-caps: inherit; font-weight: inherit; text-align: var(--text-align); letter-spacing: var(--theme-letter-spacing); text-transform: var(--theme-text-transform);\">Chantal Kalbermatten<\/span><\/h4><p>Bureau &amp; l\u00e9galisations<br \/>Amis de la Constitution<\/p><h3>\u00a0<\/h3>\t\t\t\t\t\t\t\t<\/div>\n\t\t\t\t<\/div>\n\t\t\t\t<\/div>\n\t\t<div class=\"elementor-element elementor-element-d6b0062 e-con-full e-flex e-con e-child\" data-id=\"d6b0062\" data-element_type=\"container\">\n\t\t\t\t<div class=\"elementor-element elementor-element-261390e elementor-widget elementor-widget-image\" data-id=\"261390e\" data-element_type=\"widget\" data-widget_type=\"image.default\">\n\t\t\t\t<div class=\"elementor-widget-container\">\n\t\t\t\t\t\t\t\t\t\t\t\t\t\t\t<img loading=\"lazy\" decoding=\"async\" width=\"405\" height=\"405\" src=\"https:\/\/eid-nein-danke.ch\/wp-content\/uploads\/2025\/01\/Jonathan_405_405_NEU.jpg\" class=\"attachment-large size-large wp-image-772\" alt=\"\" srcset=\"https:\/\/eid-nein-danke.ch\/wp-content\/uploads\/2025\/01\/Jonathan_405_405_NEU.jpg 405w, https:\/\/eid-nein-danke.ch\/wp-content\/uploads\/2025\/01\/Jonathan_405_405_NEU-300x300.jpg 300w, https:\/\/eid-nein-danke.ch\/wp-content\/uploads\/2025\/01\/Jonathan_405_405_NEU-150x150.jpg 150w, https:\/\/eid-nein-danke.ch\/wp-content\/uploads\/2025\/01\/Jonathan_405_405_NEU-12x12.jpg 12w\" sizes=\"(max-width: 405px) 100vw, 405px\" \/>\t\t\t\t\t\t\t\t\t\t\t\t\t\t\t<\/div>\n\t\t\t\t<\/div>\n\t\t\t\t<div class=\"elementor-element elementor-element-29a9789 elementor-widget elementor-widget-text-editor\" data-id=\"29a9789\" data-element_type=\"widget\" data-widget_type=\"text-editor.default\">\n\t\t\t\t<div class=\"elementor-widget-container\">\n\t\t\t\t\t\t\t\t\t<h4>Jonathan Zbinden<\/h4><p>Presse &amp; communication<br \/>Aufrecht Schweiz<\/p>\t\t\t\t\t\t\t\t<\/div>\n\t\t\t\t<\/div>\n\t\t\t\t<\/div>\n\t\t\t\t\t<\/div>\n\t\t\t\t<\/div>\n\t\t<div class=\"elementor-element elementor-element-15caaf2 e-flex e-con-boxed e-con e-parent\" data-id=\"15caaf2\" data-element_type=\"container\">\n\t\t\t\t\t<div class=\"e-con-inner\">\n\t\t<div class=\"elementor-element elementor-element-440c49c e-con-full e-flex e-con e-child\" data-id=\"440c49c\" data-element_type=\"container\">\n\t\t\t\t<\/div>\n\t\t<div class=\"elementor-element elementor-element-8c1a250 e-con-full e-flex e-con e-child\" data-id=\"8c1a250\" data-element_type=\"container\">\n\t\t\t\t<\/div>\n\t\t<div class=\"elementor-element elementor-element-7910cc7 e-con-full e-flex e-con e-child\" data-id=\"7910cc7\" data-element_type=\"container\">\n\t\t\t\t<\/div>\n\t\t<div class=\"elementor-element elementor-element-7e57ea1 e-con-full e-flex e-con e-child\" data-id=\"7e57ea1\" data-element_type=\"container\">\n\t\t\t\t<\/div>\n\t\t\t\t\t<\/div>\n\t\t\t\t<\/div>\n\t\t\t\t<\/div>","protected":false},"excerpt":{"rendered":"<p>Komitee Dr. Roland B\u00fchlmann Pr\u00e4sident Freunde der Verfassung Remko Leimbach Pr\u00e4sident Aufrecht Schweiz Thomas B\u00f6rlin Pr\u00e4sident Verfassungsb\u00fcndnis Schweiz Bianka Stettler Kampagnenleitung &amp; MarketingFreunde der Verfassung Alessia Zanoni IT-SupportFreunde der Verfassung \u00a0 Chantal Kalbermatten Office &amp; BeglaubigungenFreunde der Verfassung \u00a0 Jonathan Zbinden Presse &amp; KommunikationAufrecht Schweiz<\/p>","protected":false},"author":2,"featured_media":0,"parent":0,"menu_order":0,"comment_status":"closed","ping_status":"closed","template":"","meta":{"footnotes":""},"class_list":["post-14","page","type-page","status-publish","hentry"],"blocksy_meta":[],"yoast_head":"<!-- This site is optimized with the Yoast SEO plugin v24.6 - https:\/\/yoast.com\/wordpress\/plugins\/seo\/ -->\n<title>Komitee - E-ID - Nein Danke!<\/title>\n<meta name=\"robots\" content=\"index, follow, max-snippet:-1, max-image-preview:large, max-video-preview:-1\" \/>\n<link rel=\"canonical\" href=\"https:\/\/eid-nein-danke.ch\/fr\/komitee\/\" \/>\n<meta property=\"og:locale\" content=\"fr_FR\" \/>\n<meta property=\"og:type\" content=\"article\" \/>\n<meta property=\"og:title\" content=\"Komitee - E-ID - Nein Danke!\" \/>\n<meta property=\"og:description\" content=\"Komitee Dr. Roland B\u00fchlmann Pr\u00e4sident Freunde der Verfassung Remko Leimbach Pr\u00e4sident Aufrecht Schweiz Thomas B\u00f6rlin Pr\u00e4sident Verfassungsb\u00fcndnis Schweiz Bianka Stettler Kampagnenleitung &amp; MarketingFreunde der Verfassung Alessia Zanoni IT-SupportFreunde der Verfassung \u00a0 Chantal Kalbermatten Office &amp; BeglaubigungenFreunde der Verfassung \u00a0 Jonathan Zbinden Presse &amp; KommunikationAufrecht Schweiz\" \/>\n<meta property=\"og:url\" content=\"https:\/\/eid-nein-danke.ch\/fr\/komitee\/\" \/>\n<meta property=\"og:site_name\" content=\"E-ID - Nein Danke!\" \/>\n<meta property=\"article:publisher\" content=\"https:\/\/www.facebook.com\/verfassungsfreunde.ch\" \/>\n<meta property=\"article:modified_time\" content=\"2025-07-15T11:09:59+00:00\" \/>\n<meta property=\"og:image\" content=\"https:\/\/eid-nein-danke.ch\/wp-content\/uploads\/2025\/01\/Roland_Buehlmann.jpg\" \/>\n\t<meta property=\"og:image:width\" content=\"500\" \/>\n\t<meta property=\"og:image:height\" content=\"500\" \/>\n\t<meta property=\"og:image:type\" content=\"image\/jpeg\" \/>\n<meta name=\"twitter:card\" content=\"summary_large_image\" \/>\n<meta name=\"twitter:site\" content=\"@FdVerfassung\" \/>\n<meta name=\"twitter:label1\" content=\"Dur\u00e9e de lecture estim\u00e9e\" \/>\n\t<meta name=\"twitter:data1\" content=\"2 minutes\" \/>\n<script type=\"application\/ld+json\" class=\"yoast-schema-graph\">{\"@context\":\"https:\/\/schema.org\",\"@graph\":[{\"@type\":\"WebPage\",\"@id\":\"https:\/\/eid-nein-danke.ch\/komitee\/\",\"url\":\"https:\/\/eid-nein-danke.ch\/komitee\/\",\"name\":\"Komitee - E-ID - Nein Danke!\",\"isPartOf\":{\"@id\":\"https:\/\/eid-nein-danke.ch\/#website\"},\"primaryImageOfPage\":{\"@id\":\"https:\/\/eid-nein-danke.ch\/komitee\/#primaryimage\"},\"image\":{\"@id\":\"https:\/\/eid-nein-danke.ch\/komitee\/#primaryimage\"},\"thumbnailUrl\":\"https:\/\/eid-nein-danke.ch\/wp-content\/uploads\/2025\/01\/Roland_Buehlmann.jpg\",\"datePublished\":\"2025-01-09T10:00:40+00:00\",\"dateModified\":\"2025-07-15T11:09:59+00:00\",\"breadcrumb\":{\"@id\":\"https:\/\/eid-nein-danke.ch\/komitee\/#breadcrumb\"},\"inLanguage\":\"fr-FR\",\"potentialAction\":[{\"@type\":\"ReadAction\",\"target\":[\"https:\/\/eid-nein-danke.ch\/komitee\/\"]}]},{\"@type\":\"ImageObject\",\"inLanguage\":\"fr-FR\",\"@id\":\"https:\/\/eid-nein-danke.ch\/komitee\/#primaryimage\",\"url\":\"https:\/\/eid-nein-danke.ch\/wp-content\/uploads\/2025\/01\/Roland_Buehlmann.jpg\",\"contentUrl\":\"https:\/\/eid-nein-danke.ch\/wp-content\/uploads\/2025\/01\/Roland_Buehlmann.jpg\"},{\"@type\":\"BreadcrumbList\",\"@id\":\"https:\/\/eid-nein-danke.ch\/komitee\/#breadcrumb\",\"itemListElement\":[{\"@type\":\"ListItem\",\"position\":1,\"name\":\"Startseite\",\"item\":\"https:\/\/eid-nein-danke.ch\/\"},{\"@type\":\"ListItem\",\"position\":2,\"name\":\"Komitee\"}]},{\"@type\":\"WebSite\",\"@id\":\"https:\/\/eid-nein-danke.ch\/#website\",\"url\":\"https:\/\/eid-nein-danke.ch\/\",\"name\":\"E-ID - Nein Danke!\",\"description\":\"NEIN zum E-ID-Gesetz\",\"publisher\":{\"@id\":\"https:\/\/eid-nein-danke.ch\/#organization\"},\"alternateName\":\"E-ID-Gesetz - NEIN\",\"potentialAction\":[{\"@type\":\"SearchAction\",\"target\":{\"@type\":\"EntryPoint\",\"urlTemplate\":\"https:\/\/eid-nein-danke.ch\/?s={search_term_string}\"},\"query-input\":{\"@type\":\"PropertyValueSpecification\",\"valueRequired\":true,\"valueName\":\"search_term_string\"}}],\"inLanguage\":\"fr-FR\"},{\"@type\":\"Organization\",\"@id\":\"https:\/\/eid-nein-danke.ch\/#organization\",\"name\":\"Freunde der Verfassung\",\"alternateName\":\"NEIN zum E-ID-Gesetz\",\"url\":\"https:\/\/eid-nein-danke.ch\/\",\"logo\":{\"@type\":\"ImageObject\",\"inLanguage\":\"fr-FR\",\"@id\":\"https:\/\/eid-nein-danke.ch\/#\/schema\/logo\/image\/\",\"url\":\"https:\/\/eid-nein-danke.ch\/wp-content\/uploads\/2025\/01\/EID_NEIN_zum_EID_Gesetz.png\",\"contentUrl\":\"https:\/\/eid-nein-danke.ch\/wp-content\/uploads\/2025\/01\/EID_NEIN_zum_EID_Gesetz.png\",\"width\":500,\"height\":179,\"caption\":\"Freunde der Verfassung\"},\"image\":{\"@id\":\"https:\/\/eid-nein-danke.ch\/#\/schema\/logo\/image\/\"},\"sameAs\":[\"https:\/\/www.facebook.com\/verfassungsfreunde.ch\",\"https:\/\/x.com\/FdVerfassung\",\"https:\/\/www.youtube.com\/channel\/UCVwxSHM1U5XtYzk_LgRLCbw\"]}]}<\/script>\n<!-- \/ Yoast SEO plugin. -->","yoast_head_json":{"title":"Komitee - E-ID - Nein Danke!","robots":{"index":"index","follow":"follow","max-snippet":"max-snippet:-1","max-image-preview":"max-image-preview:large","max-video-preview":"max-video-preview:-1"},"canonical":"https:\/\/eid-nein-danke.ch\/fr\/komitee\/","og_locale":"fr_FR","og_type":"article","og_title":"Komitee - E-ID - Nein Danke!","og_description":"Komitee Dr. Roland B\u00fchlmann Pr\u00e4sident Freunde der Verfassung Remko Leimbach Pr\u00e4sident Aufrecht Schweiz Thomas B\u00f6rlin Pr\u00e4sident Verfassungsb\u00fcndnis Schweiz Bianka Stettler Kampagnenleitung &amp; MarketingFreunde der Verfassung Alessia Zanoni IT-SupportFreunde der Verfassung \u00a0 Chantal Kalbermatten Office &amp; BeglaubigungenFreunde der Verfassung \u00a0 Jonathan Zbinden Presse &amp; KommunikationAufrecht Schweiz","og_url":"https:\/\/eid-nein-danke.ch\/fr\/komitee\/","og_site_name":"E-ID - Nein Danke!","article_publisher":"https:\/\/www.facebook.com\/verfassungsfreunde.ch","article_modified_time":"2025-07-15T11:09:59+00:00","og_image":[{"width":500,"height":500,"url":"https:\/\/eid-nein-danke.ch\/wp-content\/uploads\/2025\/01\/Roland_Buehlmann.jpg","type":"image\/jpeg"}],"twitter_card":"summary_large_image","twitter_site":"@FdVerfassung","twitter_misc":{"Dur\u00e9e de lecture estim\u00e9e":"2 minutes"},"schema":{"@context":"https:\/\/schema.org","@graph":[{"@type":"WebPage","@id":"https:\/\/eid-nein-danke.ch\/komitee\/","url":"https:\/\/eid-nein-danke.ch\/komitee\/","name":"Komitee - E-ID - Nein Danke!","isPartOf":{"@id":"https:\/\/eid-nein-danke.ch\/#website"},"primaryImageOfPage":{"@id":"https:\/\/eid-nein-danke.ch\/komitee\/#primaryimage"},"image":{"@id":"https:\/\/eid-nein-danke.ch\/komitee\/#primaryimage"},"thumbnailUrl":"https:\/\/eid-nein-danke.ch\/wp-content\/uploads\/2025\/01\/Roland_Buehlmann.jpg","datePublished":"2025-01-09T10:00:40+00:00","dateModified":"2025-07-15T11:09:59+00:00","breadcrumb":{"@id":"https:\/\/eid-nein-danke.ch\/komitee\/#breadcrumb"},"inLanguage":"fr-FR","potentialAction":[{"@type":"ReadAction","target":["https:\/\/eid-nein-danke.ch\/komitee\/"]}]},{"@type":"ImageObject","inLanguage":"fr-FR","@id":"https:\/\/eid-nein-danke.ch\/komitee\/#primaryimage","url":"https:\/\/eid-nein-danke.ch\/wp-content\/uploads\/2025\/01\/Roland_Buehlmann.jpg","contentUrl":"https:\/\/eid-nein-danke.ch\/wp-content\/uploads\/2025\/01\/Roland_Buehlmann.jpg"},{"@type":"BreadcrumbList","@id":"https:\/\/eid-nein-danke.ch\/komitee\/#breadcrumb","itemListElement":[{"@type":"ListItem","position":1,"name":"Startseite","item":"https:\/\/eid-nein-danke.ch\/"},{"@type":"ListItem","position":2,"name":"Komitee"}]},{"@type":"WebSite","@id":"https:\/\/eid-nein-danke.ch\/#website","url":"https:\/\/eid-nein-danke.ch\/","name":"E-ID - Nein Danke!","description":"NEIN zum E-ID-Gesetz","publisher":{"@id":"https:\/\/eid-nein-danke.ch\/#organization"},"alternateName":"E-ID-Gesetz - NEIN","potentialAction":[{"@type":"SearchAction","target":{"@type":"EntryPoint","urlTemplate":"https:\/\/eid-nein-danke.ch\/?s={search_term_string}"},"query-input":{"@type":"PropertyValueSpecification","valueRequired":true,"valueName":"search_term_string"}}],"inLanguage":"fr-FR"},{"@type":"Organization","@id":"https:\/\/eid-nein-danke.ch\/#organization","name":"Freunde der Verfassung","alternateName":"NEIN zum E-ID-Gesetz","url":"https:\/\/eid-nein-danke.ch\/","logo":{"@type":"ImageObject","inLanguage":"fr-FR","@id":"https:\/\/eid-nein-danke.ch\/#\/schema\/logo\/image\/","url":"https:\/\/eid-nein-danke.ch\/wp-content\/uploads\/2025\/01\/EID_NEIN_zum_EID_Gesetz.png","contentUrl":"https:\/\/eid-nein-danke.ch\/wp-content\/uploads\/2025\/01\/EID_NEIN_zum_EID_Gesetz.png","width":500,"height":179,"caption":"Freunde der Verfassung"},"image":{"@id":"https:\/\/eid-nein-danke.ch\/#\/schema\/logo\/image\/"},"sameAs":["https:\/\/www.facebook.com\/verfassungsfreunde.ch","https:\/\/x.com\/FdVerfassung","https:\/\/www.youtube.com\/channel\/UCVwxSHM1U5XtYzk_LgRLCbw"]}]}},"_links":{"self":[{"href":"https:\/\/eid-nein-danke.ch\/fr\/wp-json\/wp\/v2\/pages\/14","targetHints":{"allow":["GET"]}}],"collection":[{"href":"https:\/\/eid-nein-danke.ch\/fr\/wp-json\/wp\/v2\/pages"}],"about":[{"href":"https:\/\/eid-nein-danke.ch\/fr\/wp-json\/wp\/v2\/types\/page"}],"author":[{"embeddable":true,"href":"https:\/\/eid-nein-danke.ch\/fr\/wp-json\/wp\/v2\/users\/2"}],"replies":[{"embeddable":true,"href":"https:\/\/eid-nein-danke.ch\/fr\/wp-json\/wp\/v2\/comments?post=14"}],"version-history":[{"count":40,"href":"https:\/\/eid-nein-danke.ch\/fr\/wp-json\/wp\/v2\/pages\/14\/revisions"}],"predecessor-version":[{"id":1625,"href":"https:\/\/eid-nein-danke.ch\/fr\/wp-json\/wp\/v2\/pages\/14\/revisions\/1625"}],"wp:attachment":[{"href":"https:\/\/eid-nein-danke.ch\/fr\/wp-json\/wp\/v2\/media?parent=14"}],"curies":[{"name":"wp","href":"https:\/\/api.w.org\/{rel}","templated":true}]}}